{"id":78,"date":"2022-12-01T18:32:37","date_gmt":"2022-12-01T18:32:37","guid":{"rendered":"https:\/\/chezdany.ch\/wordpress\/?page_id=78"},"modified":"2023-11-14T07:47:03","modified_gmt":"2023-11-14T07:47:03","slug":"comment-sy-rendre","status":"publish","type":"page","link":"https:\/\/chezdany.ch\/wordpress\/index.php\/comment-sy-rendre\/","title":{"rendered":"comment s&rsquo;y rendre"},"content":{"rendered":"<h3><strong>TOUS LES CHEMINS M\u00c8NENT \u00c0 CLAMBIN<\/strong><\/h3>\n<div>\n<p>retrouvez-nous loin de la foule dans un cadre authentique<br \/>aidez vous du plan en bas de la page.<\/p>\n<\/div>\n<p>[chevron-down]<br \/>\n<img decoding=\"async\" src=\"\/wordpress\/wp-content\/uploads\/2022\/12\/01-picto-apied.png\" alt=\"\"><\/p>\n<h3><strong>{ \u00c0 PIED }<\/strong><\/h3>\n<div>il vous faudra 15 minutes \u00e0 pied si vous partez de l&rsquo;arr\u00eat de bus \u00ab\u00a0la tinte\u00a0\u00bb sur le chemin de clambin. sinon 20 minutes suffiront pour rejoindre le restaurant depuis carrefour. diff\u00e9rents chemins balis\u00e9s s&rsquo;ouvrent \u00e0 vous pour nous rejoindre, consultez la carte pour savoir lequel prendre.<\/p>\n<p>La venue en luge Chez Dany est d\u00e9conseill\u00e9e.\n<\/p><\/div>\n<p><img decoding=\"async\" src=\"\/wordpress\/wp-content\/uploads\/2022\/12\/02-picto-velo.png\" alt=\"\"><\/p>\n<h3><strong>{ EN V\u00c9LO }<\/strong><\/h3>\n<div>\n<p>ici c&rsquo;est le paradis du vtt &amp; v\u00e9lo \u00e9lectrique avec 950 km de sentiers balis\u00e9s ouverts tout au long de la saison d&rsquo;\u00e9t\u00e9. consultez <a href=\"https:\/\/www.facebook.com\/bikeverbier\" target=\"_blank\" rel=\"noopener\">les plans bike<\/a>\u00a0pour d\u00e9couvrir les diff\u00e9rents parcours\u00a0: chemin de clambin, hattey, combes \u2026<\/p>\n<\/div>\n<p><img decoding=\"async\" src=\"\/wordpress\/wp-content\/uploads\/2022\/12\/03-picto-voiture.png\" alt=\"\"><\/p>\n<h3><strong>{ EN VOITURE }<\/strong><\/h3>\n<div>\n<p class=\"p1\"><span class=\"s1\">sur r\u00e9servation nous pouvons vous garder une place sur notre petit parking. emprunter la route de clambin pour rejoindre le restaurant,\u00a0et rejoignez nous directement sur place en voiture pour savourez un moment simplement. L&rsquo;acc\u00e8s en voiture \u00e0 notre restaurant se fait uniquement l&rsquo;\u00e9t\u00e9<\/span><\/p>\n<\/div>\n<ul>\n<li>\n<p>        <img decoding=\"async\" src=\"\/wordpress\/wp-content\/uploads\/2022\/12\/photo-chezdany-05.png\" alt=\"\"><\/p>\n<\/li>\n<li>\n<p>        <img decoding=\"async\" src=\"\/wordpress\/wp-content\/uploads\/2022\/12\/photo-chezdany-17.png\" alt=\"\"><\/p>\n<\/li>\n<li>\n<p>        <img decoding=\"async\" src=\"\/wordpress\/wp-content\/uploads\/2022\/12\/photo-chezdany-023.png\" alt=\"\"><\/p>\n<\/li>\n<li>\n<p>        <img decoding=\"async\" src=\"\/wordpress\/wp-content\/uploads\/2022\/12\/photo-chezdany-013.png\" alt=\"\"><\/p>\n<\/li>\n<\/ul>\n<p><img decoding=\"async\" src=\"\/wordpress\/wp-content\/uploads\/2022\/12\/ecureuil.png\" alt=\"\"><\/p>\n<h3>\n<p class=\"p1\"><strong><span class=\"s1\">CARTE DU PAYS DE CLAMBIN<\/span><\/strong><\/p>\n<\/h3>\n<div>\n<p class=\"p1\"><span class=\"s1\">latitude : 46.086701 \/<\/span><span class=\"s2\"> <\/span><span class=\"s1\">longitude : 7.236324<\/span><span class=\"s2\"> <\/span><span class=\"s1\">\/<\/span><span class=\"s2\"> <\/span><span class=\"s1\">altitude : 1715 m\u00e8tres<\/span><\/p>\n<\/div>\n<p><a href=\"\/wordpress\/wp-content\/uploads\/2022\/12\/carte-scaled.jpg\"><img decoding=\"async\" src=\"\/wordpress\/wp-content\/uploads\/2022\/12\/carte-scaled.jpg\" alt=\"\"><\/a><\/p>\n<p><!--more--><br \/>\n<!-- {\"type\":\"layout\",\"children\":[{\"name\":\"Image de couverture\",\"type\":\"section\",\"props\":{\"css\":\".el-section > [class*='uk-background-'] { min-height: 40vh; }\",\"height_viewport\":false,\"image\":\"wp-content\\\/uploads\\\/2022\\\/12\\\/c4f86-photo-accueil-galerie1-03-compressor.jpg\",\"image_effect\":\"fixed\",\"image_fixed\":true,\"image_loading\":true,\"image_position\":\"center-center\",\"image_size\":\"cover\",\"image_width\":\"2560\",\"padding\":\"large\",\"preserve_color\":false,\"style\":\"default\",\"text_color\":\"light\",\"title_breakpoint\":\"xl\",\"title_position\":\"top-left\",\"title_rotation\":\"left\",\"vertical_align\":\"middle\",\"width\":\"default\"},\"children\":[{\"type\":\"row\",\"children\":[{\"type\":\"column\",\"props\":{\"image_position\":\"center-center\",\"position_sticky_breakpoint\":\"m\",\"width_medium\":\"1-1\"}}],\"props\":{\"height\":\"percent\"}}]},{\"type\":\"section\",\"props\":{\"image_position\":\"center-center\",\"style\":\"default\",\"title_breakpoint\":\"xl\",\"title_position\":\"top-left\",\"title_rotation\":\"left\",\"vertical_align\":\"middle\",\"width\":\"default\"},\"children\":[{\"type\":\"row\",\"props\":{\"layout\":\"1-5,3-5,1-5\"},\"children\":[{\"type\":\"column\",\"props\":{\"image_position\":\"center-center\",\"position_sticky_breakpoint\":\"m\",\"width_medium\":\"1-5\"}},{\"type\":\"column\",\"props\":{\"image_position\":\"center-center\",\"position_sticky_breakpoint\":\"m\",\"width_medium\":\"3-5\"},\"children\":[{\"type\":\"headline\",\"props\":{\"content\":\"<strong>TOUS LES CHEMINS M\\u00c8NENT \\u00c0 CLAMBIN<\\\/strong>\",\"text_align\":\"center\",\"title_element\":\"h3\",\"title_style\":\"h3\"}},{\"type\":\"text\",\"props\":{\"column_breakpoint\":\"m\",\"content\":\"\n\n<p>retrouvez-nous loin de la foule dans un cadre authentique<br \\\/>aidez vous du plan en bas de la page.<\\\/p>\",\"margin\":\"default\",\"text_align\":\"center\"}},{\"type\":\"icon\",\"props\":{\"icon\":\"chevron-down\",\"icon_width\":60,\"margin\":\"default\",\"text_align\":\"center\"}}]},{\"type\":\"column\",\"props\":{\"image_position\":\"center-center\",\"position_sticky_breakpoint\":\"m\",\"width_medium\":\"1-5\"}}]}],\"name\":\"tous les chemins m\\u00e8nent \\u00e0 clambin\"},{\"type\":\"section\",\"props\":{\"image_position\":\"center-center\",\"style\":\"default\",\"title_breakpoint\":\"xl\",\"title_position\":\"top-left\",\"title_rotation\":\"left\",\"vertical_align\":\"middle\",\"width\":\"default\"},\"children\":[{\"type\":\"row\",\"props\":{\"layout\":\"1-3,1-3,1-3\"},\"children\":[{\"type\":\"column\",\"props\":{\"image_position\":\"center-center\",\"position_sticky_breakpoint\":\"m\",\"width_medium\":\"1-3\"},\"children\":[{\"type\":\"image\",\"props\":{\"image\":\"wp-content\\\/uploads\\\/2022\\\/12\\\/01-picto-apied.png\",\"image_svg_color\":\"emphasis\",\"image_width\":\"100\",\"margin\":\"default\",\"text_align\":\"center\"}},{\"type\":\"headline\",\"props\":{\"content\":\"<strong>{ \\u00c0 PIED }<\\\/strong>\",\"text_align\":\"center\",\"title_element\":\"h3\",\"title_style\":\"h3\"}},{\"type\":\"text\",\"props\":{\"column_breakpoint\":\"m\",\"content\":\"il vous faudra 15 minutes \\u00e0 pied si vous partez de l'arr\\u00eat de bus \\\"la tinte\\\" sur le chemin de clambin. sinon 20 minutes suffiront pour rejoindre le restaurant depuis carrefour. diff\\u00e9rents chemins balis\\u00e9s s'ouvrent \\u00e0 vous pour nous rejoindre, consultez la carte pour savoir lequel prendre.\n\n\\n\\nLa venue en luge Chez Dany est d\\u00e9conseill\\u00e9e.\\n\",\"margin\":\"default\",\"text_align\":\"center\"}}]},{\"type\":\"column\",\"props\":{\"image_position\":\"center-center\",\"position_sticky_breakpoint\":\"m\",\"width_medium\":\"1-3\"},\"children\":[{\"type\":\"image\",\"props\":{\"image\":\"wp-content\\\/uploads\\\/2022\\\/12\\\/02-picto-velo.png\",\"image_svg_color\":\"emphasis\",\"image_width\":\"100\",\"margin\":\"default\",\"text_align\":\"center\"}},{\"type\":\"headline\",\"props\":{\"content\":\"<strong>{ EN V\\u00c9LO }<\\\/strong>\",\"text_align\":\"center\",\"title_element\":\"h3\",\"title_style\":\"h3\"}},{\"type\":\"text\",\"props\":{\"column_breakpoint\":\"m\",\"content\":\"\n\n<p>ici c'est le paradis du vtt &amp; v\\u00e9lo \\u00e9lectrique avec 950 km de sentiers balis\\u00e9s ouverts tout au long de la saison d'\\u00e9t\\u00e9. consultez <a href=\\\"https:\\\/\\\/www.facebook.com\\\/bikeverbier\\\" target=\\\"_blank\\\" rel=\\\"noopener\\\">les plans bike<\\\/a>\\u00a0pour d\\u00e9couvrir les diff\\u00e9rents parcours\\u00a0: chemin de clambin, hattey, combes \\u2026<\\\/p>\",\"margin\":\"default\",\"text_align\":\"center\"}}]},{\"type\":\"column\",\"props\":{\"image_position\":\"center-center\",\"position_sticky_breakpoint\":\"m\",\"width_medium\":\"1-3\"},\"children\":[{\"type\":\"image\",\"props\":{\"image\":\"wp-content\\\/uploads\\\/2022\\\/12\\\/03-picto-voiture.png\",\"image_svg_color\":\"emphasis\",\"image_width\":\"100\",\"margin\":\"default\",\"text_align\":\"center\"}},{\"type\":\"headline\",\"props\":{\"content\":\"<strong>{ EN VOITURE }<\\\/strong>\",\"text_align\":\"center\",\"title_element\":\"h3\",\"title_style\":\"h3\"}},{\"type\":\"text\",\"props\":{\"column_breakpoint\":\"m\",\"content\":\"\n\n<p class=\\\"p1\\\"><span class=\\\"s1\\\">sur r\\u00e9servation nous pouvons vous garder une place sur notre petit parking. emprunter la route de clambin pour rejoindre le restaurant,\\u00a0et rejoignez nous directement sur place en voiture pour savourez un moment simplement. L'acc\\u00e8s en voiture \\u00e0 notre restaurant se fait uniquement l'\\u00e9t\\u00e9<\\\/span><\\\/p>\",\"margin\":\"default\",\"text_align\":\"center\"}}]}]}],\"name\":\"\\u00e0 pied, en v\\u00e9lo, en voiture\"},{\"type\":\"section\",\"props\":{\"image_position\":\"center-center\",\"style\":\"default\",\"title_breakpoint\":\"xl\",\"title_position\":\"top-left\",\"title_rotation\":\"left\",\"vertical_align\":\"middle\",\"width\":\"\"},\"children\":[{\"type\":\"row\",\"children\":[{\"type\":\"column\",\"props\":{\"image_position\":\"center-center\",\"position_sticky_breakpoint\":\"m\"},\"children\":[{\"type\":\"overlay-slider\",\"props\":{\"link_style\":\"default\",\"link_text\":\"Read more\",\"margin\":\"default\",\"meta_align\":\"below-title\",\"meta_element\":\"div\",\"meta_style\":\"text-meta\",\"nav\":\"\",\"nav_align\":\"center\",\"nav_breakpoint\":\"s\",\"overlay_mode\":\"cover\",\"overlay_position\":\"center\",\"overlay_transition\":\"fade\",\"show_content\":true,\"show_hover_image\":true,\"show_link\":true,\"show_meta\":true,\"show_title\":true,\"slidenav\":\"default\",\"slidenav_breakpoint\":\"s\",\"slidenav_color\":\"light\",\"slidenav_large\":true,\"slidenav_margin\":\"medium\",\"slidenav_outside_breakpoint\":\"xl\",\"slider_autoplay\":true,\"slider_autoplay_pause\":true,\"slider_center\":true,\"slider_gap\":\"small\",\"slider_width\":\"\",\"slider_width_default\":\"1-1\",\"slider_width_medium\":\"1-3\",\"text_align\":\"center\",\"title_element\":\"h3\",\"title_hover_style\":\"reset\"},\"children\":[{\"type\":\"overlay-slider_item\",\"props\":{\"image\":\"wp-content\\\/uploads\\\/2022\\\/12\\\/photo-chezdany-05.png\"}},{\"type\":\"overlay-slider_item\",\"props\":{\"image\":\"wp-content\\\/uploads\\\/2022\\\/12\\\/photo-chezdany-17.png\"}},{\"type\":\"overlay-slider_item\",\"props\":{\"image\":\"wp-content\\\/uploads\\\/2022\\\/12\\\/photo-chezdany-023.png\"}},{\"type\":\"overlay-slider_item\",\"props\":{\"image\":\"wp-content\\\/uploads\\\/2022\\\/12\\\/photo-chezdany-013.png\"}}]}]}]}],\"name\":\"slideshow\"},{\"type\":\"section\",\"props\":{\"image_position\":\"center-center\",\"style\":\"default\",\"title_breakpoint\":\"xl\",\"title_position\":\"top-left\",\"title_rotation\":\"left\",\"vertical_align\":\"middle\",\"width\":\"default\"},\"children\":[{\"type\":\"row\",\"props\":{\"layout\":\"1-5,3-5,1-5\"},\"children\":[{\"type\":\"column\",\"props\":{\"image_position\":\"center-center\",\"position_sticky_breakpoint\":\"m\",\"width_medium\":\"1-5\"}},{\"type\":\"column\",\"props\":{\"image_position\":\"center-center\",\"position_sticky_breakpoint\":\"m\",\"width_medium\":\"3-5\"},\"children\":[{\"type\":\"image\",\"props\":{\"image\":\"wp-content\\\/uploads\\\/2022\\\/12\\\/ecureuil.png\",\"image_svg_color\":\"emphasis\",\"margin\":\"default\",\"text_align\":\"center\"}},{\"type\":\"headline\",\"props\":{\"content\":\"\n\n<p class=\\\"p1\\\"><strong><span class=\\\"s1\\\">CARTE DU PAYS DE CLAMBIN<\\\/span><\\\/strong><\\\/p>\",\"text_align\":\"center\",\"title_element\":\"h3\",\"title_style\":\"h3\"}},{\"type\":\"text\",\"props\":{\"column_breakpoint\":\"m\",\"content\":\"\n\n<p class=\\\"p1\\\"><span class=\\\"s1\\\">latitude : 46.086701 \\\/<\\\/span><span class=\\\"s2\\\"> <\\\/span><span class=\\\"s1\\\">longitude : 7.236324<\\\/span><span class=\\\"s2\\\"> <\\\/span><span class=\\\"s1\\\">\\\/<\\\/span><span class=\\\"s2\\\"> <\\\/span><span class=\\\"s1\\\">altitude : 1715 m\\u00e8tres<\\\/span><\\\/p>\",\"margin\":\"default\",\"text_align\":\"center\"}}]},{\"type\":\"column\",\"props\":{\"image_position\":\"center-center\",\"position_sticky_breakpoint\":\"m\",\"width_medium\":\"1-5\"}}]},{\"type\":\"row\",\"children\":[{\"type\":\"column\",\"props\":{\"image_position\":\"center-center\",\"position_sticky_breakpoint\":\"m\"},\"children\":[{\"type\":\"image\",\"props\":{\"image\":\"wp-content\\\/uploads\\\/2022\\\/12\\\/carte-scaled.jpg\",\"image_svg_color\":\"emphasis\",\"link\":\"wp-content\\\/uploads\\\/2022\\\/12\\\/carte-scaled.jpg\",\"margin\":\"default\",\"text_align\":\"center\"}}]}]}],\"name\":\"carte du pays de clambin\"}],\"version\":\"4.0.8\"} --><\/p>\n","protected":false},"excerpt":{"rendered":"<p>TOUS LES CHEMINS M\u00c8NENT \u00c0 CLAMBIN retrouvez-nous loin de la foule dans un cadre authentiqueaidez vous du plan en bas de la page. [chevron-down] { \u00c0 PIED } il vous faudra 15 minutes \u00e0 pied si vous partez de l&rsquo;arr\u00eat de bus \u00ab\u00a0la tinte\u00a0\u00bb sur le chemin de clambin. sinon 20 minutes suffiront pour rejoindre [&hellip;]<\/p>\n","protected":false},"author":1,"featured_media":0,"parent":0,"menu_order":0,"comment_status":"closed","ping_status":"closed","template":"","meta":{"footnotes":""},"class_list":["post-78","page","type-page","status-publish","hentry"],"yoast_head":"<!-- This site is optimized with the Yoast SEO plugin v26.7 - https:\/\/yoast.com\/wordpress\/plugins\/seo\/ -->\n<title>Comment s&#039;y rendre - Chez Dany<\/title>\n<meta name=\"description\" content=\"Comment s&#039;y rendre - Chez Dany A pied : il vous faudra 15 minutes \u00e0 pied si vous partez de l\u2019arr\u00eat de bus \u201cla tinte\u201d sur le chemin de clambin.\" \/>\n<meta name=\"robots\" content=\"index, follow, max-snippet:-1, max-image-preview:large, max-video-preview:-1\" \/>\n<link rel=\"canonical\" href=\"https:\/\/chezdany.ch\/wordpress\/index.php\/comment-sy-rendre\/\" \/>\n<meta property=\"og:locale\" content=\"fr_FR\" \/>\n<meta property=\"og:type\" content=\"article\" \/>\n<meta property=\"og:title\" content=\"Comment s&#039;y rendre - Chez Dany\" \/>\n<meta property=\"og:description\" content=\"Comment s&#039;y rendre - Chez Dany A pied : il vous faudra 15 minutes \u00e0 pied si vous partez de l\u2019arr\u00eat de bus \u201cla tinte\u201d sur le chemin de clambin.\" \/>\n<meta property=\"og:url\" content=\"https:\/\/chezdany.ch\/wordpress\/index.php\/comment-sy-rendre\/\" \/>\n<meta property=\"og:site_name\" content=\"Chez Dany\" \/>\n<meta property=\"article:publisher\" content=\"https:\/\/www.facebook.com\/chezdanyverbier\" \/>\n<meta property=\"article:modified_time\" content=\"2023-11-14T07:47:03+00:00\" \/>\n<meta name=\"twitter:card\" content=\"summary_large_image\" \/>\n<meta name=\"twitter:label1\" content=\"Dur\u00e9e de lecture estim\u00e9e\" \/>\n\t<meta name=\"twitter:data1\" content=\"4 minutes\" \/>\n<script type=\"application\/ld+json\" class=\"yoast-schema-graph\">{\"@context\":\"https:\/\/schema.org\",\"@graph\":[{\"@type\":\"WebPage\",\"@id\":\"https:\/\/chezdany.ch\/wordpress\/index.php\/comment-sy-rendre\/\",\"url\":\"https:\/\/chezdany.ch\/wordpress\/index.php\/comment-sy-rendre\/\",\"name\":\"Comment s'y rendre - Chez Dany\",\"isPartOf\":{\"@id\":\"https:\/\/chezdany.ch\/wordpress\/#website\"},\"datePublished\":\"2022-12-01T18:32:37+00:00\",\"dateModified\":\"2023-11-14T07:47:03+00:00\",\"description\":\"Comment s'y rendre - Chez Dany A pied : il vous faudra 15 minutes \u00e0 pied si vous partez de l\u2019arr\u00eat de bus \u201cla tinte\u201d sur le chemin de clambin.\",\"breadcrumb\":{\"@id\":\"https:\/\/chezdany.ch\/wordpress\/index.php\/comment-sy-rendre\/#breadcrumb\"},\"inLanguage\":\"fr-FR\",\"potentialAction\":[{\"@type\":\"ReadAction\",\"target\":[\"https:\/\/chezdany.ch\/wordpress\/index.php\/comment-sy-rendre\/\"]}]},{\"@type\":\"BreadcrumbList\",\"@id\":\"https:\/\/chezdany.ch\/wordpress\/index.php\/comment-sy-rendre\/#breadcrumb\",\"itemListElement\":[{\"@type\":\"ListItem\",\"position\":1,\"name\":\"Accueil\",\"item\":\"https:\/\/chezdany.ch\/wordpress\/\"},{\"@type\":\"ListItem\",\"position\":2,\"name\":\"comment s&#8217;y rendre\"}]},{\"@type\":\"WebSite\",\"@id\":\"https:\/\/chezdany.ch\/wordpress\/#website\",\"url\":\"https:\/\/chezdany.ch\/wordpress\/\",\"name\":\"Chez Dany\",\"description\":\"Restaurant de Montagne\",\"publisher\":{\"@id\":\"https:\/\/chezdany.ch\/wordpress\/#organization\"},\"potentialAction\":[{\"@type\":\"SearchAction\",\"target\":{\"@type\":\"EntryPoint\",\"urlTemplate\":\"https:\/\/chezdany.ch\/wordpress\/?s={search_term_string}\"},\"query-input\":{\"@type\":\"PropertyValueSpecification\",\"valueRequired\":true,\"valueName\":\"search_term_string\"}}],\"inLanguage\":\"fr-FR\"},{\"@type\":\"Organization\",\"@id\":\"https:\/\/chezdany.ch\/wordpress\/#organization\",\"name\":\"Chez Dany\",\"url\":\"https:\/\/chezdany.ch\/wordpress\/\",\"logo\":{\"@type\":\"ImageObject\",\"inLanguage\":\"fr-FR\",\"@id\":\"https:\/\/chezdany.ch\/wordpress\/#\/schema\/logo\/image\/\",\"url\":\"https:\/\/chezdany.ch\/wordpress\/wp-content\/uploads\/2022\/12\/logo-chezdany-noir.png\",\"contentUrl\":\"https:\/\/chezdany.ch\/wordpress\/wp-content\/uploads\/2022\/12\/logo-chezdany-noir.png\",\"width\":1100,\"height\":285,\"caption\":\"Chez Dany\"},\"image\":{\"@id\":\"https:\/\/chezdany.ch\/wordpress\/#\/schema\/logo\/image\/\"},\"sameAs\":[\"https:\/\/www.facebook.com\/chezdanyverbier\",\"https:\/\/www.instagram.com\/chezdanyverbier\/\"]}]}<\/script>\n<!-- \/ Yoast SEO plugin. -->","yoast_head_json":{"title":"Comment s'y rendre - Chez Dany","description":"Comment s'y rendre - Chez Dany A pied : il vous faudra 15 minutes \u00e0 pied si vous partez de l\u2019arr\u00eat de bus \u201cla tinte\u201d sur le chemin de clambin.","robots":{"index":"index","follow":"follow","max-snippet":"max-snippet:-1","max-image-preview":"max-image-preview:large","max-video-preview":"max-video-preview:-1"},"canonical":"https:\/\/chezdany.ch\/wordpress\/index.php\/comment-sy-rendre\/","og_locale":"fr_FR","og_type":"article","og_title":"Comment s'y rendre - Chez Dany","og_description":"Comment s'y rendre - Chez Dany A pied : il vous faudra 15 minutes \u00e0 pied si vous partez de l\u2019arr\u00eat de bus \u201cla tinte\u201d sur le chemin de clambin.","og_url":"https:\/\/chezdany.ch\/wordpress\/index.php\/comment-sy-rendre\/","og_site_name":"Chez Dany","article_publisher":"https:\/\/www.facebook.com\/chezdanyverbier","article_modified_time":"2023-11-14T07:47:03+00:00","twitter_card":"summary_large_image","twitter_misc":{"Dur\u00e9e de lecture estim\u00e9e":"4 minutes"},"schema":{"@context":"https:\/\/schema.org","@graph":[{"@type":"WebPage","@id":"https:\/\/chezdany.ch\/wordpress\/index.php\/comment-sy-rendre\/","url":"https:\/\/chezdany.ch\/wordpress\/index.php\/comment-sy-rendre\/","name":"Comment s'y rendre - Chez Dany","isPartOf":{"@id":"https:\/\/chezdany.ch\/wordpress\/#website"},"datePublished":"2022-12-01T18:32:37+00:00","dateModified":"2023-11-14T07:47:03+00:00","description":"Comment s'y rendre - Chez Dany A pied : il vous faudra 15 minutes \u00e0 pied si vous partez de l\u2019arr\u00eat de bus \u201cla tinte\u201d sur le chemin de clambin.","breadcrumb":{"@id":"https:\/\/chezdany.ch\/wordpress\/index.php\/comment-sy-rendre\/#breadcrumb"},"inLanguage":"fr-FR","potentialAction":[{"@type":"ReadAction","target":["https:\/\/chezdany.ch\/wordpress\/index.php\/comment-sy-rendre\/"]}]},{"@type":"BreadcrumbList","@id":"https:\/\/chezdany.ch\/wordpress\/index.php\/comment-sy-rendre\/#breadcrumb","itemListElement":[{"@type":"ListItem","position":1,"name":"Accueil","item":"https:\/\/chezdany.ch\/wordpress\/"},{"@type":"ListItem","position":2,"name":"comment s&#8217;y rendre"}]},{"@type":"WebSite","@id":"https:\/\/chezdany.ch\/wordpress\/#website","url":"https:\/\/chezdany.ch\/wordpress\/","name":"Chez Dany","description":"Restaurant de Montagne","publisher":{"@id":"https:\/\/chezdany.ch\/wordpress\/#organization"},"potentialAction":[{"@type":"SearchAction","target":{"@type":"EntryPoint","urlTemplate":"https:\/\/chezdany.ch\/wordpress\/?s={search_term_string}"},"query-input":{"@type":"PropertyValueSpecification","valueRequired":true,"valueName":"search_term_string"}}],"inLanguage":"fr-FR"},{"@type":"Organization","@id":"https:\/\/chezdany.ch\/wordpress\/#organization","name":"Chez Dany","url":"https:\/\/chezdany.ch\/wordpress\/","logo":{"@type":"ImageObject","inLanguage":"fr-FR","@id":"https:\/\/chezdany.ch\/wordpress\/#\/schema\/logo\/image\/","url":"https:\/\/chezdany.ch\/wordpress\/wp-content\/uploads\/2022\/12\/logo-chezdany-noir.png","contentUrl":"https:\/\/chezdany.ch\/wordpress\/wp-content\/uploads\/2022\/12\/logo-chezdany-noir.png","width":1100,"height":285,"caption":"Chez Dany"},"image":{"@id":"https:\/\/chezdany.ch\/wordpress\/#\/schema\/logo\/image\/"},"sameAs":["https:\/\/www.facebook.com\/chezdanyverbier","https:\/\/www.instagram.com\/chezdanyverbier\/"]}]}},"_links":{"self":[{"href":"https:\/\/chezdany.ch\/wordpress\/index.php\/wp-json\/wp\/v2\/pages\/78","targetHints":{"allow":["GET"]}}],"collection":[{"href":"https:\/\/chezdany.ch\/wordpress\/index.php\/wp-json\/wp\/v2\/pages"}],"about":[{"href":"https:\/\/chezdany.ch\/wordpress\/index.php\/wp-json\/wp\/v2\/types\/page"}],"author":[{"embeddable":true,"href":"https:\/\/chezdany.ch\/wordpress\/index.php\/wp-json\/wp\/v2\/users\/1"}],"replies":[{"embeddable":true,"href":"https:\/\/chezdany.ch\/wordpress\/index.php\/wp-json\/wp\/v2\/comments?post=78"}],"version-history":[{"count":14,"href":"https:\/\/chezdany.ch\/wordpress\/index.php\/wp-json\/wp\/v2\/pages\/78\/revisions"}],"predecessor-version":[{"id":403,"href":"https:\/\/chezdany.ch\/wordpress\/index.php\/wp-json\/wp\/v2\/pages\/78\/revisions\/403"}],"wp:attachment":[{"href":"https:\/\/chezdany.ch\/wordpress\/index.php\/wp-json\/wp\/v2\/media?parent=78"}],"curies":[{"name":"wp","href":"https:\/\/api.w.org\/{rel}","templated":true}]}}