{"id":69,"date":"2022-12-01T18:25:37","date_gmt":"2022-12-01T18:25:37","guid":{"rendered":"https:\/\/chezdany.ch\/wordpress\/?page_id=69"},"modified":"2026-01-12T13:56:15","modified_gmt":"2026-01-12T13:56:15","slug":"menu","status":"publish","type":"page","link":"https:\/\/chezdany.ch\/wordpress\/index.php\/menu\/","title":{"rendered":"menu"},"content":{"rendered":"<h3><strong>SAVEURS DU MONDE PLATS DE MONTAGNE<\/strong><\/h3>\n<div>\n<p>le chef et son \u00e9quipe vous propose un menu de saison r\u00e9alis\u00e9 avec des produits frais et locaux. des recettes traditionnelles suisse jusqu&rsquo;\u00e0 la d\u00e9couverte d&rsquo;autres saveurs, chez dany vous embarque pour un voyage culinaire\u2026<\/p>\n<p>d\u00e9couvrez la carte pour la nouvelle saison ci dessous.<\/p>\n<\/div>\n<h3><strong>MENU DU JOUR<\/strong><\/h3>\n<p><img decoding=\"async\" src=\"\/wordpress\/wp-content\/uploads\/2022\/12\/hache.png\" alt=\"\"><br \/>\n<a href=\"\/wordpress\/wp-content\/uploads\/2025\/12\/SET-TABLE-DANY-2026.pdf\"><img decoding=\"async\" src=\"\/wordpress\/wp-content\/uploads\/2025\/12\/SET-TABLE-DANY-2026-scaled.jpg\" alt=\"\"><\/a><\/p>\n<h3><strong>MENU DU SOIR<\/strong><\/h3>\n<p><img decoding=\"async\" src=\"\/wordpress\/wp-content\/uploads\/2022\/12\/hache.png\" alt=\"\"><\/p>\n<div>\n<div>Venez d\u00e9couvrir chaque semaine les suggestions du chef.<\/div>\n<\/div>\n<h3><strong>CARTE DES VINS<\/strong><\/h3>\n<p><img decoding=\"async\" src=\"\/wordpress\/wp-content\/uploads\/2022\/12\/hache.png\" alt=\"\"><\/p>\n<p><p>\n        <a href=\"\/wordpress\/wp-content\/uploads\/2026\/01\/Chez-Dany-Boisson-Janvier-2026-3.pdf\">carte des vins<\/a>\n    <\/p>\n<\/p>\n<p><!--more--><br \/>\n<!-- {\"type\":\"layout\",\"children\":[{\"name\":\"Image de couverture\",\"type\":\"section\",\"props\":{\"css\":\".el-section > [class*='uk-background-'] { min-height: 40vh; }\",\"height_viewport\":false,\"image\":\"wp-content\\\/uploads\\\/2025\\\/01\\\/chezdany_24-112-2-scaled.jpg\",\"image_effect\":\"fixed\",\"image_loading\":true,\"image_position\":\"center-center\",\"image_size\":\"width-1-1\",\"image_width\":\"2560\",\"padding\":\"large\",\"preserve_color\":false,\"style\":\"default\",\"text_color\":\"light\",\"title_breakpoint\":\"xl\",\"title_position\":\"top-left\",\"title_rotation\":\"left\",\"vertical_align\":\"\",\"width\":\"default\"},\"children\":[{\"type\":\"row\",\"children\":[{\"type\":\"column\",\"props\":{\"image_position\":\"center-center\",\"position_sticky_breakpoint\":\"m\",\"width_medium\":\"1-1\"}}],\"props\":{\"height\":\"viewport\",\"height_offset_top\":true,\"height_viewport\":80}}]},{\"type\":\"section\",\"props\":{\"image_position\":\"center-center\",\"style\":\"default\",\"title_breakpoint\":\"xl\",\"title_position\":\"top-left\",\"title_rotation\":\"left\",\"vertical_align\":\"\",\"width\":\"default\"},\"children\":[{\"type\":\"row\",\"props\":{\"layout\":\"1-5,3-5,1-5\"},\"children\":[{\"type\":\"column\",\"props\":{\"image_position\":\"center-center\",\"position_sticky_breakpoint\":\"m\",\"width_medium\":\"1-5\"}},{\"type\":\"column\",\"props\":{\"image_position\":\"center-center\",\"position_sticky_breakpoint\":\"m\",\"width_medium\":\"3-5\"},\"children\":[{\"type\":\"headline\",\"props\":{\"content\":\"<strong>SAVEURS DU MONDE PLATS DE MONTAGNE<\\\/strong>\",\"text_align\":\"center\",\"title_element\":\"h3\",\"title_style\":\"h3\"}},{\"type\":\"text\",\"props\":{\"column_breakpoint\":\"m\",\"content\":\"\n\n<p>le chef et son \\u00e9quipe vous propose un menu de saison r\\u00e9alis\\u00e9 avec des produits frais et locaux. des recettes traditionnelles suisse jusqu'\\u00e0 la d\\u00e9couverte d'autres saveurs, chez dany vous embarque pour un voyage culinaire\\u2026<\\\/p>\\n\n\n<p>d\\u00e9couvrez la carte pour la nouvelle saison ci dessous.<\\\/p>\",\"margin\":\"default\",\"text_align\":\"center\"}}]},{\"type\":\"column\",\"props\":{\"image_position\":\"center-center\",\"position_sticky_breakpoint\":\"m\",\"width_medium\":\"1-5\"}}]}],\"name\":\"saveurs du monde plats de montagne\"},{\"name\":\"Image\",\"type\":\"section\",\"props\":{\"css\":\".el-section > [class*='uk-background-'] { min-height: 50vh; }\",\"image\":\"wp-content\\\/uploads\\\/2025\\\/01\\\/chezdany_24-120-scaled.jpg\",\"image_effect\":\"fixed\",\"image_position\":\"center-center\",\"image_size\":\"cover\",\"image_width\":\"1920\",\"style\":\"default\",\"title_breakpoint\":\"xl\",\"title_position\":\"top-left\",\"title_rotation\":\"left\",\"vertical_align\":\"\",\"width\":\"default\"},\"children\":[{\"type\":\"row\",\"children\":[{\"type\":\"column\",\"props\":{\"image_position\":\"center-center\",\"position_sticky_breakpoint\":\"m\",\"width_medium\":\"1-1\"}}]}]},{\"type\":\"section\",\"props\":{\"image_position\":\"center-center\",\"style\":\"default\",\"title_breakpoint\":\"xl\",\"title_position\":\"top-left\",\"title_rotation\":\"left\",\"vertical_align\":\"\",\"width\":\"default\"},\"children\":[{\"type\":\"row\",\"props\":{\"layout\":\"1-5,3-5,1-5\"},\"children\":[{\"type\":\"column\",\"props\":{\"image_position\":\"center-center\",\"position_sticky_breakpoint\":\"m\",\"width_medium\":\"1-5\"}},{\"type\":\"column\",\"props\":{\"image_position\":\"center-center\",\"position_sticky_breakpoint\":\"m\",\"width_medium\":\"3-5\"},\"children\":[{\"type\":\"headline\",\"props\":{\"content\":\"<strong>MENU DU JOUR<\\\/strong>\",\"text_align\":\"center\",\"title_element\":\"h3\",\"title_style\":\"h3\"}},{\"type\":\"image\",\"props\":{\"image\":\"wp-content\\\/uploads\\\/2022\\\/12\\\/hache.png\",\"image_svg_color\":\"emphasis\",\"margin\":\"default\",\"text_align\":\"center\"}}]},{\"type\":\"column\",\"props\":{\"image_position\":\"center-center\",\"position_sticky_breakpoint\":\"m\",\"width_medium\":\"1-5\"}}]},{\"type\":\"row\",\"children\":[{\"type\":\"column\",\"props\":{\"image_position\":\"center-center\",\"position_sticky_breakpoint\":\"m\"},\"children\":[{\"type\":\"image\",\"props\":{\"image\":\"wp-content\\\/uploads\\\/2025\\\/12\\\/SET-TABLE-DANY-2026-scaled.jpg\",\"image_svg_color\":\"emphasis\",\"link\":\"wp-content\\\/uploads\\\/2025\\\/12\\\/SET-TABLE-DANY-2026.pdf\",\"margin\":\"default\"}}]}]}],\"name\":\"menu du soir\"},{\"type\":\"section\",\"props\":{\"image_position\":\"center-center\",\"style\":\"default\",\"title_breakpoint\":\"xl\",\"title_position\":\"top-left\",\"title_rotation\":\"left\",\"vertical_align\":\"\",\"width\":\"default\"},\"children\":[{\"type\":\"row\",\"props\":{\"layout\":\"1-5,3-5,1-5\"},\"children\":[{\"type\":\"column\",\"props\":{\"image_position\":\"center-center\",\"position_sticky_breakpoint\":\"m\",\"width_medium\":\"1-5\"}},{\"type\":\"column\",\"props\":{\"image_position\":\"center-center\",\"position_sticky_breakpoint\":\"m\",\"width_medium\":\"3-5\"},\"children\":[{\"type\":\"headline\",\"props\":{\"content\":\"<strong>MENU DU SOIR<\\\/strong>\",\"text_align\":\"center\",\"title_element\":\"h3\",\"title_style\":\"h3\"}},{\"type\":\"image\",\"props\":{\"image\":\"wp-content\\\/uploads\\\/2022\\\/12\\\/hache.png\",\"image_svg_color\":\"emphasis\",\"margin\":\"default\",\"text_align\":\"center\"}},{\"type\":\"panel\",\"props\":{\"content\":\"Venez d\\u00e9couvrir chaque semaine les suggestions du chef.\",\"content_column_breakpoint\":\"m\",\"content_style\":\"text-large\",\"icon_width\":80,\"image_align\":\"top\",\"image_grid_breakpoint\":\"m\",\"image_grid_width\":\"1-2\",\"image_svg_color\":\"emphasis\",\"link_style\":\"default\",\"link_text\":\"Read more\",\"margin\":\"default\",\"meta_align\":\"below-title\",\"meta_element\":\"div\",\"meta_style\":\"text-meta\",\"panel_padding\":\"default\",\"text_align\":\"center\",\"title_align\":\"top\",\"title_element\":\"h3\",\"title_grid_breakpoint\":\"m\",\"title_grid_width\":\"1-2\",\"title_hover_style\":\"reset\"}}]},{\"type\":\"column\",\"props\":{\"image_position\":\"center-center\",\"position_sticky_breakpoint\":\"m\",\"width_medium\":\"1-5\"}}]},{\"type\":\"row\",\"props\":{\"layout\":\"1-2,1-2\",\"status\":\"disabled\"},\"children\":[{\"type\":\"column\",\"props\":{\"image_position\":\"center-center\",\"position_sticky_breakpoint\":\"m\",\"width_medium\":\"1-2\"},\"children\":[{\"type\":\"image\",\"props\":{\"image\":\"wp-content\\\/uploads\\\/2025\\\/01\\\/menu_hiver_24-25-01.jpg\",\"image_svg_color\":\"emphasis\",\"margin\":\"default\"}},{\"type\":\"image\",\"props\":{\"image\":\"wp-content\\\/uploads\\\/2025\\\/01\\\/menu_hiver_24-25-02.jpg\",\"image_svg_color\":\"emphasis\",\"margin\":\"default\"}},{\"type\":\"image\",\"props\":{\"image\":\"wp-content\\\/uploads\\\/2025\\\/01\\\/menu_hiver_24-25-03.jpg\",\"image_svg_color\":\"emphasis\",\"margin\":\"default\"}}]},{\"type\":\"column\",\"props\":{\"image_position\":\"center-center\",\"position_sticky_breakpoint\":\"m\",\"width_medium\":\"1-2\"},\"children\":[{\"type\":\"image\",\"props\":{\"image\":\"wp-content\\\/uploads\\\/2025\\\/01\\\/menu_hiver_24-25.jpg\",\"image_svg_color\":\"emphasis\",\"margin\":\"default\"}},{\"type\":\"image\",\"props\":{\"image\":\"wp-content\\\/uploads\\\/2025\\\/01\\\/menu_hiver_24-25-04.jpg\",\"image_svg_color\":\"emphasis\",\"margin\":\"default\"}},{\"type\":\"image\",\"props\":{\"image\":\"wp-content\\\/uploads\\\/2025\\\/01\\\/menu_hiver_24-25-05.jpg\",\"image_svg_color\":\"emphasis\",\"margin\":\"default\"}}]}]}],\"name\":\"menu du soir\"},{\"type\":\"section\",\"props\":{\"id\":\"vins\",\"image_position\":\"center-center\",\"style\":\"default\",\"title_breakpoint\":\"xl\",\"title_position\":\"top-left\",\"title_rotation\":\"left\",\"vertical_align\":\"\",\"width\":\"default\"},\"children\":[{\"type\":\"row\",\"props\":{\"layout\":\"1-5,3-5,1-5\"},\"children\":[{\"type\":\"column\",\"props\":{\"image_position\":\"center-center\",\"position_sticky_breakpoint\":\"m\",\"width_medium\":\"1-5\"}},{\"type\":\"column\",\"props\":{\"image_position\":\"center-center\",\"position_sticky_breakpoint\":\"m\",\"width_medium\":\"3-5\"},\"children\":[{\"type\":\"headline\",\"props\":{\"content\":\"<strong>CARTE DES VINS<\\\/strong>\",\"text_align\":\"center\",\"title_element\":\"h3\",\"title_style\":\"h3\"}},{\"type\":\"image\",\"props\":{\"image\":\"wp-content\\\/uploads\\\/2022\\\/12\\\/hache.png\",\"image_svg_color\":\"emphasis\",\"margin\":\"default\",\"text_align\":\"center\"}},{\"type\":\"button\",\"props\":{\"button_size\":\"large\",\"fullwidth\":false,\"grid_column_gap\":\"small\",\"grid_row_gap\":\"small\",\"margin\":\"default\",\"text_align\":\"center\"},\"children\":[{\"type\":\"button_item\",\"props\":{\"button_style\":\"primary\",\"content\":\"carte des vins\",\"dialog_layout\":\"modal\",\"dialog_offcanvas_flip\":true,\"icon\":\"chevron-double-right\",\"icon_align\":\"left\",\"link\":\"wp-content\\\/uploads\\\/2026\\\/01\\\/Chez-Dany-Boisson-Janvier-2026-3.pdf\",\"link_target\":\"blank\",\"link_title\":\"carte des vins\"}}]}]},{\"type\":\"column\",\"props\":{\"image_position\":\"center-center\",\"position_sticky_breakpoint\":\"m\",\"width_medium\":\"1-5\"}}]}],\"name\":\"carte des vins\"}],\"version\":\"4.5.33\"} --><\/p>\n","protected":false},"excerpt":{"rendered":"<p>SAVEURS DU MONDE PLATS DE MONTAGNE le chef et son \u00e9quipe vous propose un menu de saison r\u00e9alis\u00e9 avec des produits frais et locaux. des recettes traditionnelles suisse jusqu&rsquo;\u00e0 la d\u00e9couverte d&rsquo;autres saveurs, chez dany vous embarque pour un voyage culinaire\u2026 d\u00e9couvrez la carte pour la nouvelle saison ci dessous. MENU DU JOUR MENU DU [&hellip;]<\/p>\n","protected":false},"author":1,"featured_media":0,"parent":0,"menu_order":0,"comment_status":"closed","ping_status":"closed","template":"","meta":{"footnotes":""},"class_list":["post-69","page","type-page","status-publish","hentry"],"yoast_head":"<!-- This site is optimized with the Yoast SEO plugin v26.7 - https:\/\/yoast.com\/wordpress\/plugins\/seo\/ -->\n<title>Menu - Chez Dany<\/title>\n<meta name=\"description\" content=\"Menu - Chez Dany, le chef et son \u00e9quipe vous propose un menu de saison r\u00e9alis\u00e9 avec des produits frais et locaux.\" \/>\n<meta name=\"robots\" content=\"index, follow, max-snippet:-1, max-image-preview:large, max-video-preview:-1\" \/>\n<link rel=\"canonical\" href=\"https:\/\/chezdany.ch\/wordpress\/index.php\/menu\/\" \/>\n<meta property=\"og:locale\" content=\"fr_FR\" \/>\n<meta property=\"og:type\" content=\"article\" \/>\n<meta property=\"og:title\" content=\"Menu - Chez Dany\" \/>\n<meta property=\"og:description\" content=\"Menu - Chez Dany, le chef et son \u00e9quipe vous propose un menu de saison r\u00e9alis\u00e9 avec des produits frais et locaux.\" \/>\n<meta property=\"og:url\" content=\"https:\/\/chezdany.ch\/wordpress\/index.php\/menu\/\" \/>\n<meta property=\"og:site_name\" content=\"Chez Dany\" \/>\n<meta property=\"article:publisher\" content=\"https:\/\/www.facebook.com\/chezdanyverbier\" \/>\n<meta property=\"article:modified_time\" content=\"2026-01-12T13:56:15+00:00\" \/>\n<meta name=\"twitter:card\" content=\"summary_large_image\" \/>\n<meta name=\"twitter:label1\" content=\"Dur\u00e9e de lecture estim\u00e9e\" \/>\n\t<meta name=\"twitter:data1\" content=\"2 minutes\" \/>\n<script type=\"application\/ld+json\" class=\"yoast-schema-graph\">{\"@context\":\"https:\/\/schema.org\",\"@graph\":[{\"@type\":\"WebPage\",\"@id\":\"https:\/\/chezdany.ch\/wordpress\/index.php\/menu\/\",\"url\":\"https:\/\/chezdany.ch\/wordpress\/index.php\/menu\/\",\"name\":\"Menu - Chez Dany\",\"isPartOf\":{\"@id\":\"https:\/\/chezdany.ch\/wordpress\/#website\"},\"datePublished\":\"2022-12-01T18:25:37+00:00\",\"dateModified\":\"2026-01-12T13:56:15+00:00\",\"description\":\"Menu - Chez Dany, le chef et son \u00e9quipe vous propose un menu de saison r\u00e9alis\u00e9 avec des produits frais et locaux.\",\"breadcrumb\":{\"@id\":\"https:\/\/chezdany.ch\/wordpress\/index.php\/menu\/#breadcrumb\"},\"inLanguage\":\"fr-FR\",\"potentialAction\":[{\"@type\":\"ReadAction\",\"target\":[\"https:\/\/chezdany.ch\/wordpress\/index.php\/menu\/\"]}]},{\"@type\":\"BreadcrumbList\",\"@id\":\"https:\/\/chezdany.ch\/wordpress\/index.php\/menu\/#breadcrumb\",\"itemListElement\":[{\"@type\":\"ListItem\",\"position\":1,\"name\":\"Accueil\",\"item\":\"https:\/\/chezdany.ch\/wordpress\/\"},{\"@type\":\"ListItem\",\"position\":2,\"name\":\"menu\"}]},{\"@type\":\"WebSite\",\"@id\":\"https:\/\/chezdany.ch\/wordpress\/#website\",\"url\":\"https:\/\/chezdany.ch\/wordpress\/\",\"name\":\"Chez Dany\",\"description\":\"Restaurant de Montagne\",\"publisher\":{\"@id\":\"https:\/\/chezdany.ch\/wordpress\/#organization\"},\"potentialAction\":[{\"@type\":\"SearchAction\",\"target\":{\"@type\":\"EntryPoint\",\"urlTemplate\":\"https:\/\/chezdany.ch\/wordpress\/?s={search_term_string}\"},\"query-input\":{\"@type\":\"PropertyValueSpecification\",\"valueRequired\":true,\"valueName\":\"search_term_string\"}}],\"inLanguage\":\"fr-FR\"},{\"@type\":\"Organization\",\"@id\":\"https:\/\/chezdany.ch\/wordpress\/#organization\",\"name\":\"Chez Dany\",\"url\":\"https:\/\/chezdany.ch\/wordpress\/\",\"logo\":{\"@type\":\"ImageObject\",\"inLanguage\":\"fr-FR\",\"@id\":\"https:\/\/chezdany.ch\/wordpress\/#\/schema\/logo\/image\/\",\"url\":\"https:\/\/chezdany.ch\/wordpress\/wp-content\/uploads\/2022\/12\/logo-chezdany-noir.png\",\"contentUrl\":\"https:\/\/chezdany.ch\/wordpress\/wp-content\/uploads\/2022\/12\/logo-chezdany-noir.png\",\"width\":1100,\"height\":285,\"caption\":\"Chez Dany\"},\"image\":{\"@id\":\"https:\/\/chezdany.ch\/wordpress\/#\/schema\/logo\/image\/\"},\"sameAs\":[\"https:\/\/www.facebook.com\/chezdanyverbier\",\"https:\/\/www.instagram.com\/chezdanyverbier\/\"]}]}<\/script>\n<!-- \/ Yoast SEO plugin. -->","yoast_head_json":{"title":"Menu - Chez Dany","description":"Menu - Chez Dany, le chef et son \u00e9quipe vous propose un menu de saison r\u00e9alis\u00e9 avec des produits frais et locaux.","robots":{"index":"index","follow":"follow","max-snippet":"max-snippet:-1","max-image-preview":"max-image-preview:large","max-video-preview":"max-video-preview:-1"},"canonical":"https:\/\/chezdany.ch\/wordpress\/index.php\/menu\/","og_locale":"fr_FR","og_type":"article","og_title":"Menu - Chez Dany","og_description":"Menu - Chez Dany, le chef et son \u00e9quipe vous propose un menu de saison r\u00e9alis\u00e9 avec des produits frais et locaux.","og_url":"https:\/\/chezdany.ch\/wordpress\/index.php\/menu\/","og_site_name":"Chez Dany","article_publisher":"https:\/\/www.facebook.com\/chezdanyverbier","article_modified_time":"2026-01-12T13:56:15+00:00","twitter_card":"summary_large_image","twitter_misc":{"Dur\u00e9e de lecture estim\u00e9e":"2 minutes"},"schema":{"@context":"https:\/\/schema.org","@graph":[{"@type":"WebPage","@id":"https:\/\/chezdany.ch\/wordpress\/index.php\/menu\/","url":"https:\/\/chezdany.ch\/wordpress\/index.php\/menu\/","name":"Menu - Chez Dany","isPartOf":{"@id":"https:\/\/chezdany.ch\/wordpress\/#website"},"datePublished":"2022-12-01T18:25:37+00:00","dateModified":"2026-01-12T13:56:15+00:00","description":"Menu - Chez Dany, le chef et son \u00e9quipe vous propose un menu de saison r\u00e9alis\u00e9 avec des produits frais et locaux.","breadcrumb":{"@id":"https:\/\/chezdany.ch\/wordpress\/index.php\/menu\/#breadcrumb"},"inLanguage":"fr-FR","potentialAction":[{"@type":"ReadAction","target":["https:\/\/chezdany.ch\/wordpress\/index.php\/menu\/"]}]},{"@type":"BreadcrumbList","@id":"https:\/\/chezdany.ch\/wordpress\/index.php\/menu\/#breadcrumb","itemListElement":[{"@type":"ListItem","position":1,"name":"Accueil","item":"https:\/\/chezdany.ch\/wordpress\/"},{"@type":"ListItem","position":2,"name":"menu"}]},{"@type":"WebSite","@id":"https:\/\/chezdany.ch\/wordpress\/#website","url":"https:\/\/chezdany.ch\/wordpress\/","name":"Chez Dany","description":"Restaurant de Montagne","publisher":{"@id":"https:\/\/chezdany.ch\/wordpress\/#organization"},"potentialAction":[{"@type":"SearchAction","target":{"@type":"EntryPoint","urlTemplate":"https:\/\/chezdany.ch\/wordpress\/?s={search_term_string}"},"query-input":{"@type":"PropertyValueSpecification","valueRequired":true,"valueName":"search_term_string"}}],"inLanguage":"fr-FR"},{"@type":"Organization","@id":"https:\/\/chezdany.ch\/wordpress\/#organization","name":"Chez Dany","url":"https:\/\/chezdany.ch\/wordpress\/","logo":{"@type":"ImageObject","inLanguage":"fr-FR","@id":"https:\/\/chezdany.ch\/wordpress\/#\/schema\/logo\/image\/","url":"https:\/\/chezdany.ch\/wordpress\/wp-content\/uploads\/2022\/12\/logo-chezdany-noir.png","contentUrl":"https:\/\/chezdany.ch\/wordpress\/wp-content\/uploads\/2022\/12\/logo-chezdany-noir.png","width":1100,"height":285,"caption":"Chez Dany"},"image":{"@id":"https:\/\/chezdany.ch\/wordpress\/#\/schema\/logo\/image\/"},"sameAs":["https:\/\/www.facebook.com\/chezdanyverbier","https:\/\/www.instagram.com\/chezdanyverbier\/"]}]}},"_links":{"self":[{"href":"https:\/\/chezdany.ch\/wordpress\/index.php\/wp-json\/wp\/v2\/pages\/69","targetHints":{"allow":["GET"]}}],"collection":[{"href":"https:\/\/chezdany.ch\/wordpress\/index.php\/wp-json\/wp\/v2\/pages"}],"about":[{"href":"https:\/\/chezdany.ch\/wordpress\/index.php\/wp-json\/wp\/v2\/types\/page"}],"author":[{"embeddable":true,"href":"https:\/\/chezdany.ch\/wordpress\/index.php\/wp-json\/wp\/v2\/users\/1"}],"replies":[{"embeddable":true,"href":"https:\/\/chezdany.ch\/wordpress\/index.php\/wp-json\/wp\/v2\/comments?post=69"}],"version-history":[{"count":48,"href":"https:\/\/chezdany.ch\/wordpress\/index.php\/wp-json\/wp\/v2\/pages\/69\/revisions"}],"predecessor-version":[{"id":579,"href":"https:\/\/chezdany.ch\/wordpress\/index.php\/wp-json\/wp\/v2\/pages\/69\/revisions\/579"}],"wp:attachment":[{"href":"https:\/\/chezdany.ch\/wordpress\/index.php\/wp-json\/wp\/v2\/media?parent=69"}],"curies":[{"name":"wp","href":"https:\/\/api.w.org\/{rel}","templated":true}]}}